{"id":650,"date":"2017-04-24T13:25:42","date_gmt":"2017-04-24T11:25:42","guid":{"rendered":"https:\/\/www.proteyco.es\/?post_type=portfolio&#038;p=650"},"modified":"2024-09-27T11:13:28","modified_gmt":"2024-09-27T09:13:28","slug":"grupo-ahorramas","status":"publish","type":"portfolio","link":"https:\/\/www.proteyco.es\/en\/portfolio\/grupo-ahorramas\/","title":{"rendered":"Grupo Ahorram\u00e1s"},"content":{"rendered":"<p><strong>\u2022 Tipo de Actividad:<\/strong><\/p>\n<p><span style=\"padding-left: 12px;\">Comercial.<\/span><\/p>\n<p><strong>\u2022 Descripci\u00f3n:\u00a0<\/strong><\/p>\n<p class=\"cmParagraph\">Ahorram\u00e1s, S.A. fue constituido en 1979 por un grupo de empresarios minoristas de Madrid preocupados por la implantaci\u00f3n y expansi\u00f3n de las grandes cadenas de alimentaci\u00f3n y de hipermercados.\u00a0Actualmente, el n\u00famero de tiendas supera las doscientas, distribuidas en las provincias de Madrid, Guadalajara, Toledo, Cuenca y Ciudad Real.<\/p>\n<p><strong>\u2022 Actuaciones Destacadas:<\/strong><\/p>\n<p><strong>V\u00eda Carpetana, 73: <\/strong>Licencias de Obra, Actividad y Funcionamiento. Proyecto de Demolici\u00f3n de Galer\u00eda Comercial, Proyecto de Ejecuci\u00f3n de Arquitectura, Estructura e Instalaciones. Direcci\u00f3n Facultativa de Obra. Coordinaci\u00f3n de Seguridad y Salud.\u00a0Legalizaci\u00f3n de las Instalaciones de Protecci\u00f3n Contra Incendios.<\/p>\n<p><strong>Alc\u00e1ntara, 7: <\/strong>Licencias de Obra, Actividad y Funcionamiento. Proyecto de Ejecuci\u00f3n de Arquitectura, Estructura e Instalaciones. Direcci\u00f3n Facultativa de Obra. Coordinaci\u00f3n de Seguridad y Salud. Legalizaci\u00f3n de las Instalaciones de Protecci\u00f3n Contra Incendios.<\/p>\n<p><strong>Calder\u00f3n de la Barca 14<\/strong>,<strong> (Alcobendas): <\/strong><\/p>\n<p>Edificio de Nueva Planta \u00b7 4.000 m\u00b2: 2.500 m2 de Edificio Comercial + 1.000 m2 de garaje aparcamiento. Licencias de Obra, Actividad y Funcionamiento. Proyecto de Ejecuci\u00f3n de Arquitectura, Estructura e Instalaciones. Direcci\u00f3n Facultativa de Obra. Coordinaci\u00f3n de Seguridad y Salud. Legalizaci\u00f3n de las Instalaciones de Protecci\u00f3n Contra Incendios.<\/p>\n<p><strong>Buenaventura Madrigal, 4, (El Escorial): <\/strong>Reforma integral \u00b7 4.500 m\u00b2<br \/>\n<strong>S\u00e1nchez Morate, Sn, (Getafe): <\/strong>Reforma integral \u00b7 4.000 m\u00b2<br \/>\n<strong>Sof\u00eda, 177, (Madrid): <\/strong>Reforma integral \u00b7 4.000 m\u00b2<br \/>\n<strong>Andr\u00e9s Mellado, 43, (Madrid): <\/strong>Reforma integral \u00b7 1.500 m\u00b2<br \/>\n<strong>Sim\u00f3n Hern\u00e1ndez, 47, (M\u00f3stoles): <\/strong>Reforma Integral incluyendo sustituci\u00f3n estructural de cubierta \u00b7 1.350 m\u00b2<\/p>\n<p><strong>Calle M\u00e9ndez Nu\u00f1ez, 12 (Boadilla del Monte):<\/strong><\/p>\n<p>Edificio comercial de 900 m2. Levantamiento Topogr\u00e1fico; Proyecto de Ejecuci\u00f3n de Arquitectura, Estructura e Instalaciones, Direcci\u00f3n Facultativa de Obra, Legalizaci\u00f3n de las Instalaciones de Protecci\u00f3n contra incendios. Gestiones para la obtenci\u00f3n de las Licencias de Obra, Actividad y funcionamiento.<\/p>\n<p><strong>Calle Eduardo Torroja, 29, (Legan\u00e9s), Madrid:<\/strong><\/p>\n<p>Actividades desarrolladas: Levantamientos Topogr\u00e1ficos, Proyecto de Construcci\u00f3n, Direcci\u00f3n de Obra, Direcci\u00f3n de Ejecuci\u00f3n de Obra, Proyecto y Legalizaci\u00f3n de las Instalaciones de Protecci\u00f3n Contra Incendios, Pasos de Carruajes, Licencia de Primera Ocupaci\u00f3n y funcionamiento.<\/p>\n<p>&nbsp;<\/p>\n","protected":false},"excerpt":{"rendered":"<p>\u2022 Tipo de Actividad: Comercial. \u2022 Descripci\u00f3n:\u00a0 Ahorram\u00e1s, S.A. fue constituido en 1979 por un grupo de empresarios minoristas de Madrid preocupados por la implantaci\u00f3n y expansi\u00f3n de las grandes cadenas de alimentaci\u00f3n y de hipermercados.\u00a0Actualmente, el n\u00famero de tiendas supera las doscientas, distribuidas en las provincias de Madrid, Guadalajara, Toledo, Cuenca y Ciudad Real. [&hellip;]<\/p>\n","protected":false},"author":2,"featured_media":11249,"comment_status":"closed","ping_status":"closed","template":"","format":"gallery","meta":{"footnotes":""},"portfolio_category":[9],"portfolio_tag":[],"class_list":["post-650","portfolio","type-portfolio","status-publish","format-gallery","has-post-thumbnail","hentry","portfolio_category-grandes-superficies-comerciales"],"yoast_head":"<!-- This site is optimized with the Yoast SEO plugin v27.5 - https:\/\/yoast.com\/product\/yoast-seo-wordpress\/ -->\n<title>Grupo Ahorram\u00e1s - Proteyco<\/title>\n<meta name=\"robots\" content=\"index, follow, max-snippet:-1, max-image-preview:large, max-video-preview:-1\" \/>\n<link rel=\"canonical\" href=\"https:\/\/www.proteyco.es\/en\/portfolio\/grupo-ahorramas\/\" \/>\n<meta property=\"og:locale\" content=\"en_US\" \/>\n<meta property=\"og:type\" content=\"article\" \/>\n<meta property=\"og:title\" content=\"Grupo Ahorram\u00e1s - Proteyco\" \/>\n<meta property=\"og:description\" content=\"\u2022 Tipo de Actividad: Comercial. \u2022 Descripci\u00f3n:\u00a0 Ahorram\u00e1s, S.A. fue constituido en 1979 por un grupo de empresarios minoristas de Madrid preocupados por la implantaci\u00f3n y expansi\u00f3n de las grandes cadenas de alimentaci\u00f3n y de hipermercados.\u00a0Actualmente, el n\u00famero de tiendas supera las doscientas, distribuidas en las provincias de Madrid, Guadalajara, Toledo, Cuenca y Ciudad Real. [&hellip;]\" \/>\n<meta property=\"og:url\" content=\"https:\/\/www.proteyco.es\/en\/portfolio\/grupo-ahorramas\/\" \/>\n<meta property=\"og:site_name\" content=\"Proteyco\" \/>\n<meta property=\"article:modified_time\" content=\"2024-09-27T09:13:28+00:00\" \/>\n<meta property=\"og:image\" content=\"https:\/\/www.proteyco.es\/wp-content\/uploads\/2023\/07\/foto-low.jpg\" \/>\n\t<meta property=\"og:image:width\" content=\"500\" \/>\n\t<meta property=\"og:image:height\" content=\"375\" \/>\n\t<meta property=\"og:image:type\" content=\"image\/jpeg\" \/>\n<meta name=\"twitter:card\" content=\"summary_large_image\" \/>\n<meta name=\"twitter:site\" content=\"@Proteyco\" \/>\n<meta name=\"twitter:label1\" content=\"Est. reading time\" \/>\n\t<meta name=\"twitter:data1\" content=\"2 minutes\" \/>\n<script type=\"application\/ld+json\" class=\"yoast-schema-graph\">{\"@context\":\"https:\\\/\\\/schema.org\",\"@graph\":[{\"@type\":\"WebPage\",\"@id\":\"https:\\\/\\\/www.proteyco.es\\\/en\\\/portfolio\\\/grupo-ahorramas\\\/\",\"url\":\"https:\\\/\\\/www.proteyco.es\\\/en\\\/portfolio\\\/grupo-ahorramas\\\/\",\"name\":\"Grupo Ahorram\u00e1s - Proteyco\",\"isPartOf\":{\"@id\":\"https:\\\/\\\/www.proteyco.es\\\/en\\\/#website\"},\"primaryImageOfPage\":{\"@id\":\"https:\\\/\\\/www.proteyco.es\\\/en\\\/portfolio\\\/grupo-ahorramas\\\/#primaryimage\"},\"image\":{\"@id\":\"https:\\\/\\\/www.proteyco.es\\\/en\\\/portfolio\\\/grupo-ahorramas\\\/#primaryimage\"},\"thumbnailUrl\":\"https:\\\/\\\/www.proteyco.es\\\/wp-content\\\/uploads\\\/2023\\\/07\\\/foto-low.jpg\",\"datePublished\":\"2017-04-24T11:25:42+00:00\",\"dateModified\":\"2024-09-27T09:13:28+00:00\",\"breadcrumb\":{\"@id\":\"https:\\\/\\\/www.proteyco.es\\\/en\\\/portfolio\\\/grupo-ahorramas\\\/#breadcrumb\"},\"inLanguage\":\"en-US\",\"potentialAction\":[{\"@type\":\"ReadAction\",\"target\":[\"https:\\\/\\\/www.proteyco.es\\\/en\\\/portfolio\\\/grupo-ahorramas\\\/\"]}]},{\"@type\":\"ImageObject\",\"inLanguage\":\"en-US\",\"@id\":\"https:\\\/\\\/www.proteyco.es\\\/en\\\/portfolio\\\/grupo-ahorramas\\\/#primaryimage\",\"url\":\"https:\\\/\\\/www.proteyco.es\\\/wp-content\\\/uploads\\\/2023\\\/07\\\/foto-low.jpg\",\"contentUrl\":\"https:\\\/\\\/www.proteyco.es\\\/wp-content\\\/uploads\\\/2023\\\/07\\\/foto-low.jpg\",\"width\":500,\"height\":375,\"caption\":\"Ahorramas\"},{\"@type\":\"BreadcrumbList\",\"@id\":\"https:\\\/\\\/www.proteyco.es\\\/en\\\/portfolio\\\/grupo-ahorramas\\\/#breadcrumb\",\"itemListElement\":[{\"@type\":\"ListItem\",\"position\":1,\"name\":\"Portada\",\"item\":\"https:\\\/\\\/www.proteyco.es\\\/en\\\/\"},{\"@type\":\"ListItem\",\"position\":2,\"name\":\"Portfolio\",\"item\":\"https:\\\/\\\/www.proteyco.es\\\/en\\\/portfolio\\\/\"},{\"@type\":\"ListItem\",\"position\":3,\"name\":\"Grupo Ahorram\u00e1s\"}]},{\"@type\":\"WebSite\",\"@id\":\"https:\\\/\\\/www.proteyco.es\\\/en\\\/#website\",\"url\":\"https:\\\/\\\/www.proteyco.es\\\/en\\\/\",\"name\":\"Proteyco, Ingenier\u00eda y Urbanismo\",\"description\":\"Ingenier\u00eda y Urbanismo\",\"publisher\":{\"@id\":\"https:\\\/\\\/www.proteyco.es\\\/en\\\/#organization\"},\"potentialAction\":[{\"@type\":\"SearchAction\",\"target\":{\"@type\":\"EntryPoint\",\"urlTemplate\":\"https:\\\/\\\/www.proteyco.es\\\/en\\\/?s={search_term_string}\"},\"query-input\":{\"@type\":\"PropertyValueSpecification\",\"valueRequired\":true,\"valueName\":\"search_term_string\"}}],\"inLanguage\":\"en-US\"},{\"@type\":\"Organization\",\"@id\":\"https:\\\/\\\/www.proteyco.es\\\/en\\\/#organization\",\"name\":\"Proteyco Ingenier\u00eda y Urbanismo\",\"url\":\"https:\\\/\\\/www.proteyco.es\\\/en\\\/\",\"logo\":{\"@type\":\"ImageObject\",\"inLanguage\":\"en-US\",\"@id\":\"https:\\\/\\\/www.proteyco.es\\\/en\\\/#\\\/schema\\\/logo\\\/image\\\/\",\"url\":\"https:\\\/\\\/www.proteyco.es\\\/wp-content\\\/uploads\\\/2016\\\/07\\\/Logo-proteyco.png\",\"contentUrl\":\"https:\\\/\\\/www.proteyco.es\\\/wp-content\\\/uploads\\\/2016\\\/07\\\/Logo-proteyco.png\",\"width\":142,\"height\":71,\"caption\":\"Proteyco Ingenier\u00eda y Urbanismo\"},\"image\":{\"@id\":\"https:\\\/\\\/www.proteyco.es\\\/en\\\/#\\\/schema\\\/logo\\\/image\\\/\"},\"sameAs\":[\"https:\\\/\\\/x.com\\\/Proteyco\",\"https:\\\/\\\/www.linkedin.com\\\/company\\\/proteyco-ib-rica-s.a.\",\"https:\\\/\\\/www.youtube.com\\\/channel\\\/UCz7LVFTQjK_wKB9pI1JWrQQ\"]}]}<\/script>\n<!-- \/ Yoast SEO plugin. -->","yoast_head_json":{"title":"Grupo Ahorram\u00e1s - Proteyco","robots":{"index":"index","follow":"follow","max-snippet":"max-snippet:-1","max-image-preview":"max-image-preview:large","max-video-preview":"max-video-preview:-1"},"canonical":"https:\/\/www.proteyco.es\/en\/portfolio\/grupo-ahorramas\/","og_locale":"en_US","og_type":"article","og_title":"Grupo Ahorram\u00e1s - Proteyco","og_description":"\u2022 Tipo de Actividad: Comercial. \u2022 Descripci\u00f3n:\u00a0 Ahorram\u00e1s, S.A. fue constituido en 1979 por un grupo de empresarios minoristas de Madrid preocupados por la implantaci\u00f3n y expansi\u00f3n de las grandes cadenas de alimentaci\u00f3n y de hipermercados.\u00a0Actualmente, el n\u00famero de tiendas supera las doscientas, distribuidas en las provincias de Madrid, Guadalajara, Toledo, Cuenca y Ciudad Real. [&hellip;]","og_url":"https:\/\/www.proteyco.es\/en\/portfolio\/grupo-ahorramas\/","og_site_name":"Proteyco","article_modified_time":"2024-09-27T09:13:28+00:00","og_image":[{"width":500,"height":375,"url":"https:\/\/www.proteyco.es\/wp-content\/uploads\/2023\/07\/foto-low.jpg","type":"image\/jpeg"}],"twitter_card":"summary_large_image","twitter_site":"@Proteyco","twitter_misc":{"Est. reading time":"2 minutes"},"schema":{"@context":"https:\/\/schema.org","@graph":[{"@type":"WebPage","@id":"https:\/\/www.proteyco.es\/en\/portfolio\/grupo-ahorramas\/","url":"https:\/\/www.proteyco.es\/en\/portfolio\/grupo-ahorramas\/","name":"Grupo Ahorram\u00e1s - Proteyco","isPartOf":{"@id":"https:\/\/www.proteyco.es\/en\/#website"},"primaryImageOfPage":{"@id":"https:\/\/www.proteyco.es\/en\/portfolio\/grupo-ahorramas\/#primaryimage"},"image":{"@id":"https:\/\/www.proteyco.es\/en\/portfolio\/grupo-ahorramas\/#primaryimage"},"thumbnailUrl":"https:\/\/www.proteyco.es\/wp-content\/uploads\/2023\/07\/foto-low.jpg","datePublished":"2017-04-24T11:25:42+00:00","dateModified":"2024-09-27T09:13:28+00:00","breadcrumb":{"@id":"https:\/\/www.proteyco.es\/en\/portfolio\/grupo-ahorramas\/#breadcrumb"},"inLanguage":"en-US","potentialAction":[{"@type":"ReadAction","target":["https:\/\/www.proteyco.es\/en\/portfolio\/grupo-ahorramas\/"]}]},{"@type":"ImageObject","inLanguage":"en-US","@id":"https:\/\/www.proteyco.es\/en\/portfolio\/grupo-ahorramas\/#primaryimage","url":"https:\/\/www.proteyco.es\/wp-content\/uploads\/2023\/07\/foto-low.jpg","contentUrl":"https:\/\/www.proteyco.es\/wp-content\/uploads\/2023\/07\/foto-low.jpg","width":500,"height":375,"caption":"Ahorramas"},{"@type":"BreadcrumbList","@id":"https:\/\/www.proteyco.es\/en\/portfolio\/grupo-ahorramas\/#breadcrumb","itemListElement":[{"@type":"ListItem","position":1,"name":"Portada","item":"https:\/\/www.proteyco.es\/en\/"},{"@type":"ListItem","position":2,"name":"Portfolio","item":"https:\/\/www.proteyco.es\/en\/portfolio\/"},{"@type":"ListItem","position":3,"name":"Grupo Ahorram\u00e1s"}]},{"@type":"WebSite","@id":"https:\/\/www.proteyco.es\/en\/#website","url":"https:\/\/www.proteyco.es\/en\/","name":"Proteyco, Ingenier\u00eda y Urbanismo","description":"Ingenier\u00eda y Urbanismo","publisher":{"@id":"https:\/\/www.proteyco.es\/en\/#organization"},"potentialAction":[{"@type":"SearchAction","target":{"@type":"EntryPoint","urlTemplate":"https:\/\/www.proteyco.es\/en\/?s={search_term_string}"},"query-input":{"@type":"PropertyValueSpecification","valueRequired":true,"valueName":"search_term_string"}}],"inLanguage":"en-US"},{"@type":"Organization","@id":"https:\/\/www.proteyco.es\/en\/#organization","name":"Proteyco Ingenier\u00eda y Urbanismo","url":"https:\/\/www.proteyco.es\/en\/","logo":{"@type":"ImageObject","inLanguage":"en-US","@id":"https:\/\/www.proteyco.es\/en\/#\/schema\/logo\/image\/","url":"https:\/\/www.proteyco.es\/wp-content\/uploads\/2016\/07\/Logo-proteyco.png","contentUrl":"https:\/\/www.proteyco.es\/wp-content\/uploads\/2016\/07\/Logo-proteyco.png","width":142,"height":71,"caption":"Proteyco Ingenier\u00eda y Urbanismo"},"image":{"@id":"https:\/\/www.proteyco.es\/en\/#\/schema\/logo\/image\/"},"sameAs":["https:\/\/x.com\/Proteyco","https:\/\/www.linkedin.com\/company\/proteyco-ib-rica-s.a.","https:\/\/www.youtube.com\/channel\/UCz7LVFTQjK_wKB9pI1JWrQQ"]}]}},"_links":{"self":[{"href":"https:\/\/www.proteyco.es\/en\/wp-json\/wp\/v2\/portfolio\/650","targetHints":{"allow":["GET"]}}],"collection":[{"href":"https:\/\/www.proteyco.es\/en\/wp-json\/wp\/v2\/portfolio"}],"about":[{"href":"https:\/\/www.proteyco.es\/en\/wp-json\/wp\/v2\/types\/portfolio"}],"author":[{"embeddable":true,"href":"https:\/\/www.proteyco.es\/en\/wp-json\/wp\/v2\/users\/2"}],"replies":[{"embeddable":true,"href":"https:\/\/www.proteyco.es\/en\/wp-json\/wp\/v2\/comments?post=650"}],"version-history":[{"count":12,"href":"https:\/\/www.proteyco.es\/en\/wp-json\/wp\/v2\/portfolio\/650\/revisions"}],"predecessor-version":[{"id":14260,"href":"https:\/\/www.proteyco.es\/en\/wp-json\/wp\/v2\/portfolio\/650\/revisions\/14260"}],"wp:featuredmedia":[{"embeddable":true,"href":"https:\/\/www.proteyco.es\/en\/wp-json\/wp\/v2\/media\/11249"}],"wp:attachment":[{"href":"https:\/\/www.proteyco.es\/en\/wp-json\/wp\/v2\/media?parent=650"}],"wp:term":[{"taxonomy":"portfolio_category","embeddable":true,"href":"https:\/\/www.proteyco.es\/en\/wp-json\/wp\/v2\/portfolio_category?post=650"},{"taxonomy":"portfolio_tag","embeddable":true,"href":"https:\/\/www.proteyco.es\/en\/wp-json\/wp\/v2\/portfolio_tag?post=650"}],"curies":[{"name":"wp","href":"https:\/\/api.w.org\/{rel}","templated":true}]}}