{"id":2124,"date":"2019-03-25T12:33:58","date_gmt":"2019-03-25T10:33:58","guid":{"rendered":"https:\/\/www.proteyco.es\/project-management\/"},"modified":"2020-12-21T19:29:10","modified_gmt":"2020-12-21T17:29:10","slug":"project-management","status":"publish","type":"page","link":"https:\/\/www.proteyco.es\/en\/project-management\/","title":{"rendered":"Project Management"},"content":{"rendered":"<p>[vc_section][vc_row][vc_column][vc_column_text]<\/p>\n<h1 class=\"text-center\">GESTOR DE PROYECTO<\/h1>\n<div class=\"titleline-center\"><\/div>\n<p>[\/vc_column_text][\/vc_column][\/vc_row][vc_row][vc_column][vc_column_text]Un Project Manager o <strong>Gestor de Proyecto<\/strong>, tambi\u00e9n conocido con el t\u00e9rmino <strong>gerente de proyecto<\/strong> o <strong>director de proyecto<\/strong>, es la persona que asume la responsabilidad general de la planificaci\u00f3n y la adecuada ejecuci\u00f3n de un proyecto.<\/p>\n<p>Entre sus funciones esta la dirigir, orientar, corregir, anticipar o resolver posibles contingencias, conflictos o desv\u00edos que puedan surgir o atisbarse durante el desarrollo de los proyectos.<\/p>\n<p>Por tanto una de sus tareas m\u00e1s importantes ser\u00e1 siempre la detecci\u00f3n precoz de los riesgos que afectan directamente a las probabilidades de \u00e9xito del proyecto, y la constante medici\u00f3n, de dicho riesgo a lo largo del ciclo de vida del proyecto.<\/p>\n<p>El gerente de proyecto exitoso ser\u00e1\u00a0 aquel que enfoca esto como preocupaci\u00f3n y objetivo principal. Un gerente experimentado de proyecto puede reducir los riesgos significativamente, dando para ello la relevancia oportuna a cada uno de los part\u00edcipes del proyecto en cada momento o fase del mismo.<\/p>\n<p>Un gerente de proyecto es asimismo el responsable de tomar las decisiones necesarias en los momentos propicios de manera tal que el riesgo sea controlado y la incertidumbre se reduzca al m\u00ednimo.[\/vc_column_text][\/vc_column][\/vc_row][\/vc_section][vc_section][vc_row][vc_column][vc_column_text]<\/p>\n<h2>Tipolog\u00edas de gestor de proyectos<\/h2>\n<p>El t\u00edtulo de Project Manager se utiliza tanto en la industria de la construcci\u00f3n y la arquitectura como en el desarrollo de software y en diversas ocupaciones que se basan en la generaci\u00f3n o manutenci\u00f3n de un producto.<\/p>\n<p>En el caso que nos ocupa, el desarrollo de proyectos de construcci\u00f3n o urban\u00edsticos, resultara relevante haber sido previamente instruido o haber intervenido de forma directa en las \u00e1reas espec\u00edficas a controlar, ya sea arquitectura, ingenier\u00eda o urbanismo, puesto que el conocimiento b\u00e1sico de los sistemas, tipolog\u00edas o artes especificas a emplear ser\u00e1 la mejor garant\u00eda de la posible detecci\u00f3n de anomal\u00edas, previsi\u00f3n de contingencias o ponderaci\u00f3n de las mismas en relaci\u00f3n con casos ya experimentados con anterioridad o tipificados.[\/vc_column_text][\/vc_column][\/vc_row][vc_row][vc_column][vc_column_text]<\/p>\n<h2>Desarrollo del Project Management en Proteyco<\/h2>\n<p>Adem\u00e1s del fundamento t\u00e9cnico, ser\u00e1 relevante la experiencia y el conocimiento en cuestiones normativas o regulatorias, puesto que estas suponen en la mayor\u00eda de los casos el aut\u00e9ntico caballo de batalla de los proyectos y de su viabilidad t\u00e9cnico-urban\u00edstica.<\/p>\n<p>En este sentido el mejor y m\u00e1s sofisticado de los proyectos podr\u00eda no ser el m\u00e1s adecuado o siquiera viable sin tener en cuenta previamente su posible encaje o adaptaci\u00f3n a la normativa vigente en funci\u00f3n del \u00e1mbito y las circunstancias espacio-temporales en que se trabaje.<\/p>\n<p>Esta circunstancia, a la par que la aplicaci\u00f3n de criterios t\u00e9cnico-econ\u00f3micos, de no ser observada adecuadamente y en su debido momento puede acarrear aut\u00e9nticos conflictos en t\u00e9rminos de viabilidad general, presupuesto y plazo.<\/p>\n<p>En Proteyco, dada la coexistencia hist\u00f3rica en la compa\u00f1\u00eda de ambas disciplinas desde hace muchos a\u00f1os (tanto t\u00e9cnica como normativa), su personal aplica siempre una \u00f3ptica multidisciplinar en el seguimiento y gesti\u00f3n de los proyectos, de manera que adem\u00e1s de las funciones t\u00e9cnicas y fundamentos rigoristas del Project Management, introduce siempre una visi\u00f3n adicional o \u00e9nfasis normo-regulatorio para aplicaci\u00f3n en su caso de variantes o ajustes preventivos que supondr\u00e1n a la postre la mejor garant\u00eda de \u00e9xito de los proyectos.[\/vc_column_text][\/vc_column][\/vc_row][vc_row][vc_column][vc_column_text]<\/p>\n<h2>Ejemplos relevantes de Project Management en Proteyco<\/h2>\n<p>Esta circunstancia de aplicaci\u00f3n de rigor en el Project Management junto con el acompa\u00f1amiento permanente en la interpretaci\u00f3n, supervisi\u00f3n, experiencia y validaci\u00f3n constante de las soluciones desde el punto de vista normativo nos ha llevado a la culminaci\u00f3n exitosa de proyectos emblem\u00e1ticos independientemente de su novedad, complejidad o condicionantes normativos.<\/p>\n<p>Tal es el caso de <strong>Platea<\/strong> (Pza. Colon), <strong>Pangea<\/strong> (C\/ Principe de Vergara),\u00a0 <strong>H&amp;M Cine Avenida<\/strong> (C\/ Gran V\u00eda),\u00a0 <strong>Flag-ship<\/strong> <strong>Adolfo Dominguez<\/strong> (C\/ Serrano), <strong>Hotel Pestana<\/strong> (Plaza Mayor) entre otros muchos.<\/p>\n<p>Todos ellos terminados dentro de los plazos y estimaciones econ\u00f3micas iniciales, con todos los permisos preceptivos y a satisfacci\u00f3n de los promotores de los mismos a pesar del entorno \u201chostil\u201d (vecindario, medi\u00e1tico, pol\u00edtico, regulatorio, etc) en que en algunos casos se tuvieron que desarrollar.[\/vc_column_text][\/vc_column][\/vc_row][\/vc_section]<\/p>\n","protected":false},"excerpt":{"rendered":"<p>[vc_section][vc_row][vc_column][vc_column_text] GESTOR DE PROYECTO [\/vc_column_text][\/vc_column][\/vc_row][vc_row][vc_column][vc_column_text]Un Project Manager o Gestor de Proyecto, tambi\u00e9n conocido con el t\u00e9rmino gerente de proyecto o director de proyecto, es la persona que asume la responsabilidad general de la planificaci\u00f3n y la adecuada ejecuci\u00f3n de un proyecto. Entre sus funciones esta la dirigir, orientar, corregir, anticipar o resolver posibles contingencias, conflictos [&hellip;]<\/p>\n","protected":false},"author":1,"featured_media":0,"parent":0,"menu_order":0,"comment_status":"closed","ping_status":"closed","template":"","meta":{"footnotes":""},"class_list":["post-2124","page","type-page","status-publish","hentry"],"yoast_head":"<!-- This site is optimized with the Yoast SEO plugin v27.5 - https:\/\/yoast.com\/product\/yoast-seo-wordpress\/ -->\n<title>Project Management - Proteyco<\/title>\n<meta name=\"robots\" content=\"index, follow, max-snippet:-1, max-image-preview:large, max-video-preview:-1\" \/>\n<link rel=\"canonical\" href=\"https:\/\/www.proteyco.es\/en\/project-management\/\" \/>\n<meta property=\"og:locale\" content=\"en_US\" \/>\n<meta property=\"og:type\" content=\"article\" \/>\n<meta property=\"og:title\" content=\"Project Management - Proteyco\" \/>\n<meta property=\"og:description\" content=\"[vc_section][vc_row][vc_column][vc_column_text] GESTOR DE PROYECTO [\/vc_column_text][\/vc_column][\/vc_row][vc_row][vc_column][vc_column_text]Un Project Manager o Gestor de Proyecto, tambi\u00e9n conocido con el t\u00e9rmino gerente de proyecto o director de proyecto, es la persona que asume la responsabilidad general de la planificaci\u00f3n y la adecuada ejecuci\u00f3n de un proyecto. Entre sus funciones esta la dirigir, orientar, corregir, anticipar o resolver posibles contingencias, conflictos [&hellip;]\" \/>\n<meta property=\"og:url\" content=\"https:\/\/www.proteyco.es\/en\/project-management\/\" \/>\n<meta property=\"og:site_name\" content=\"Proteyco\" \/>\n<meta property=\"article:modified_time\" content=\"2020-12-21T17:29:10+00:00\" \/>\n<meta name=\"twitter:card\" content=\"summary_large_image\" \/>\n<meta name=\"twitter:site\" content=\"@Proteyco\" \/>\n<meta name=\"twitter:label1\" content=\"Est. reading time\" \/>\n\t<meta name=\"twitter:data1\" content=\"4 minutes\" \/>\n<script type=\"application\/ld+json\" class=\"yoast-schema-graph\">{\"@context\":\"https:\\\/\\\/schema.org\",\"@graph\":[{\"@type\":\"WebPage\",\"@id\":\"https:\\\/\\\/www.proteyco.es\\\/en\\\/project-management\\\/\",\"url\":\"https:\\\/\\\/www.proteyco.es\\\/en\\\/project-management\\\/\",\"name\":\"Project Management - Proteyco\",\"isPartOf\":{\"@id\":\"https:\\\/\\\/www.proteyco.es\\\/en\\\/#website\"},\"datePublished\":\"2019-03-25T10:33:58+00:00\",\"dateModified\":\"2020-12-21T17:29:10+00:00\",\"breadcrumb\":{\"@id\":\"https:\\\/\\\/www.proteyco.es\\\/en\\\/project-management\\\/#breadcrumb\"},\"inLanguage\":\"en-US\",\"potentialAction\":[{\"@type\":\"ReadAction\",\"target\":[\"https:\\\/\\\/www.proteyco.es\\\/en\\\/project-management\\\/\"]}]},{\"@type\":\"BreadcrumbList\",\"@id\":\"https:\\\/\\\/www.proteyco.es\\\/en\\\/project-management\\\/#breadcrumb\",\"itemListElement\":[{\"@type\":\"ListItem\",\"position\":1,\"name\":\"Portada\",\"item\":\"https:\\\/\\\/www.proteyco.es\\\/en\\\/\"},{\"@type\":\"ListItem\",\"position\":2,\"name\":\"Project Management\"}]},{\"@type\":\"WebSite\",\"@id\":\"https:\\\/\\\/www.proteyco.es\\\/en\\\/#website\",\"url\":\"https:\\\/\\\/www.proteyco.es\\\/en\\\/\",\"name\":\"Proteyco, Ingenier\u00eda y Urbanismo\",\"description\":\"Ingenier\u00eda y Urbanismo\",\"publisher\":{\"@id\":\"https:\\\/\\\/www.proteyco.es\\\/en\\\/#organization\"},\"potentialAction\":[{\"@type\":\"SearchAction\",\"target\":{\"@type\":\"EntryPoint\",\"urlTemplate\":\"https:\\\/\\\/www.proteyco.es\\\/en\\\/?s={search_term_string}\"},\"query-input\":{\"@type\":\"PropertyValueSpecification\",\"valueRequired\":true,\"valueName\":\"search_term_string\"}}],\"inLanguage\":\"en-US\"},{\"@type\":\"Organization\",\"@id\":\"https:\\\/\\\/www.proteyco.es\\\/en\\\/#organization\",\"name\":\"Proteyco Ingenier\u00eda y Urbanismo\",\"url\":\"https:\\\/\\\/www.proteyco.es\\\/en\\\/\",\"logo\":{\"@type\":\"ImageObject\",\"inLanguage\":\"en-US\",\"@id\":\"https:\\\/\\\/www.proteyco.es\\\/en\\\/#\\\/schema\\\/logo\\\/image\\\/\",\"url\":\"https:\\\/\\\/www.proteyco.es\\\/wp-content\\\/uploads\\\/2016\\\/07\\\/Logo-proteyco.png\",\"contentUrl\":\"https:\\\/\\\/www.proteyco.es\\\/wp-content\\\/uploads\\\/2016\\\/07\\\/Logo-proteyco.png\",\"width\":142,\"height\":71,\"caption\":\"Proteyco Ingenier\u00eda y Urbanismo\"},\"image\":{\"@id\":\"https:\\\/\\\/www.proteyco.es\\\/en\\\/#\\\/schema\\\/logo\\\/image\\\/\"},\"sameAs\":[\"https:\\\/\\\/x.com\\\/Proteyco\",\"https:\\\/\\\/www.linkedin.com\\\/company\\\/proteyco-ib-rica-s.a.\",\"https:\\\/\\\/www.youtube.com\\\/channel\\\/UCz7LVFTQjK_wKB9pI1JWrQQ\"]}]}<\/script>\n<!-- \/ Yoast SEO plugin. -->","yoast_head_json":{"title":"Project Management - Proteyco","robots":{"index":"index","follow":"follow","max-snippet":"max-snippet:-1","max-image-preview":"max-image-preview:large","max-video-preview":"max-video-preview:-1"},"canonical":"https:\/\/www.proteyco.es\/en\/project-management\/","og_locale":"en_US","og_type":"article","og_title":"Project Management - Proteyco","og_description":"[vc_section][vc_row][vc_column][vc_column_text] GESTOR DE PROYECTO [\/vc_column_text][\/vc_column][\/vc_row][vc_row][vc_column][vc_column_text]Un Project Manager o Gestor de Proyecto, tambi\u00e9n conocido con el t\u00e9rmino gerente de proyecto o director de proyecto, es la persona que asume la responsabilidad general de la planificaci\u00f3n y la adecuada ejecuci\u00f3n de un proyecto. Entre sus funciones esta la dirigir, orientar, corregir, anticipar o resolver posibles contingencias, conflictos [&hellip;]","og_url":"https:\/\/www.proteyco.es\/en\/project-management\/","og_site_name":"Proteyco","article_modified_time":"2020-12-21T17:29:10+00:00","twitter_card":"summary_large_image","twitter_site":"@Proteyco","twitter_misc":{"Est. reading time":"4 minutes"},"schema":{"@context":"https:\/\/schema.org","@graph":[{"@type":"WebPage","@id":"https:\/\/www.proteyco.es\/en\/project-management\/","url":"https:\/\/www.proteyco.es\/en\/project-management\/","name":"Project Management - Proteyco","isPartOf":{"@id":"https:\/\/www.proteyco.es\/en\/#website"},"datePublished":"2019-03-25T10:33:58+00:00","dateModified":"2020-12-21T17:29:10+00:00","breadcrumb":{"@id":"https:\/\/www.proteyco.es\/en\/project-management\/#breadcrumb"},"inLanguage":"en-US","potentialAction":[{"@type":"ReadAction","target":["https:\/\/www.proteyco.es\/en\/project-management\/"]}]},{"@type":"BreadcrumbList","@id":"https:\/\/www.proteyco.es\/en\/project-management\/#breadcrumb","itemListElement":[{"@type":"ListItem","position":1,"name":"Portada","item":"https:\/\/www.proteyco.es\/en\/"},{"@type":"ListItem","position":2,"name":"Project Management"}]},{"@type":"WebSite","@id":"https:\/\/www.proteyco.es\/en\/#website","url":"https:\/\/www.proteyco.es\/en\/","name":"Proteyco, Ingenier\u00eda y Urbanismo","description":"Ingenier\u00eda y Urbanismo","publisher":{"@id":"https:\/\/www.proteyco.es\/en\/#organization"},"potentialAction":[{"@type":"SearchAction","target":{"@type":"EntryPoint","urlTemplate":"https:\/\/www.proteyco.es\/en\/?s={search_term_string}"},"query-input":{"@type":"PropertyValueSpecification","valueRequired":true,"valueName":"search_term_string"}}],"inLanguage":"en-US"},{"@type":"Organization","@id":"https:\/\/www.proteyco.es\/en\/#organization","name":"Proteyco Ingenier\u00eda y Urbanismo","url":"https:\/\/www.proteyco.es\/en\/","logo":{"@type":"ImageObject","inLanguage":"en-US","@id":"https:\/\/www.proteyco.es\/en\/#\/schema\/logo\/image\/","url":"https:\/\/www.proteyco.es\/wp-content\/uploads\/2016\/07\/Logo-proteyco.png","contentUrl":"https:\/\/www.proteyco.es\/wp-content\/uploads\/2016\/07\/Logo-proteyco.png","width":142,"height":71,"caption":"Proteyco Ingenier\u00eda y Urbanismo"},"image":{"@id":"https:\/\/www.proteyco.es\/en\/#\/schema\/logo\/image\/"},"sameAs":["https:\/\/x.com\/Proteyco","https:\/\/www.linkedin.com\/company\/proteyco-ib-rica-s.a.","https:\/\/www.youtube.com\/channel\/UCz7LVFTQjK_wKB9pI1JWrQQ"]}]}},"_links":{"self":[{"href":"https:\/\/www.proteyco.es\/en\/wp-json\/wp\/v2\/pages\/2124","targetHints":{"allow":["GET"]}}],"collection":[{"href":"https:\/\/www.proteyco.es\/en\/wp-json\/wp\/v2\/pages"}],"about":[{"href":"https:\/\/www.proteyco.es\/en\/wp-json\/wp\/v2\/types\/page"}],"author":[{"embeddable":true,"href":"https:\/\/www.proteyco.es\/en\/wp-json\/wp\/v2\/users\/1"}],"replies":[{"embeddable":true,"href":"https:\/\/www.proteyco.es\/en\/wp-json\/wp\/v2\/comments?post=2124"}],"version-history":[{"count":1,"href":"https:\/\/www.proteyco.es\/en\/wp-json\/wp\/v2\/pages\/2124\/revisions"}],"predecessor-version":[{"id":2131,"href":"https:\/\/www.proteyco.es\/en\/wp-json\/wp\/v2\/pages\/2124\/revisions\/2131"}],"wp:attachment":[{"href":"https:\/\/www.proteyco.es\/en\/wp-json\/wp\/v2\/media?parent=2124"}],"curies":[{"name":"wp","href":"https:\/\/api.w.org\/{rel}","templated":true}]}}